{"id":7211,"date":"2023-05-31T14:24:09","date_gmt":"2023-05-31T11:24:09","guid":{"rendered":"https:\/\/nibd.lt\/?page_id=7211"},"modified":"2026-04-15T16:04:57","modified_gmt":"2026-04-15T13:04:57","slug":"tinklai-ir-narystes","status":"publish","type":"page","link":"https:\/\/nibd.lt\/en\/tinklai-ir-narystes\/","title":{"rendered":"Tinklai ir naryst\u0117s"},"content":{"rendered":"<div class=\"wp-block-group alignwide is-layout-constrained wp-block-group-is-layout-constrained\">\n<p class=\"has-text-align-justify has-text-align-justify\">2026-2029 m. naryst\u0117 Karo prievolinink\u0173 pra\u0161ym\u0173 atlikti <a href=\"https:\/\/www.karys.lt\/bendraukime\/d.u.k.\/visi-tarnybos-budai\/224\" target=\"_blank\" rel=\"noopener noreferrer\">alternatyvi\u0105j\u0105 kra\u0161to apsaugos tarnyb\u0105<\/a> nagrin\u0117jimo komisijoje.<\/p>\n\n\n\n<p class=\"has-text-align-justify has-text-align-justify\">2026-2027 m. naryst\u0117 Vilniaus r. savivaldyb\u0117s <a href=\"https:\/\/vrsa.lt\/nevyriausybiniu-ir-bendruomeniniu-organizaciju-veikla\/nevyriausybiniu-organizaciju-veikla-rajone\/503\">NVO taryboje<\/a>.<\/p>\n\n\n\n<p class=\"has-text-align-justify has-text-align-justify\">Nuo 2025.06.18 naryst\u0117 <a href=\"https:\/\/lajca.lt\">Lietuvos atvir\u0173j\u0173 jaunimo centr\u0173 asociacijoje<\/a>.<\/p>\n\n\n\n<p class=\"has-text-align-justify has-text-align-justify\">2023-2028 m. naryst\u0117 Vilniaus r. savivaldyb\u0117s smurto artimoje aplinkoje prevencijos <a href=\"https:\/\/www.e-tar.lt\/portal\/lt\/legalAct\/b1bb42c0164811ee9f7ec2ffce8b47bc\">komisijoje<\/a>.<\/p>\n\n\n\n<p class=\"has-text-align-justify has-text-align-justify\">Nuo 2023 m. naryst\u0117 asociacijoje <a href=\"https:\/\/www.ksiforumas.lt\">Krik\u0161\u010dioni\u0161k\u0173 socialini\u0173 iniciatyv\u0173 Forumas<\/a>. Tai organizacij\u0173 tinklas, jautriai ir dr\u0105siai kuriantis kokybi\u0161kos socialin\u0117s pagalbos kult\u016br\u0105, kurioje asmuo yra vertingas.<\/p>\n\n\n\n<p class=\"has-text-align-justify has-text-align-justify\">2022 m. naryst\u0117 Vilniaus m. sav. <a href=\"https:\/\/aktai.vilnius.lt\/document\/30390529\">2023-2025 m. jaunimo politikos strategijos<\/a> rengimo darbo grup\u0117je. Vaidmuo \u2013 savanoryst\u0117s srities kryp\u010di\u0173 formavimas \u012fgyvendinant savivaldyb\u0117s jaunimo politik\u0105.<\/p>\n\n\n\n<p class=\"has-text-align-justify has-text-align-justify\">2022 m. V\u0161\u012e \u201eNe imti, bet duoti\u201c drauge su kitomis organizacijomis \u012fsteig\u0117 <a href=\"https:\/\/nibd.lt\/sakot\/\">savanoryst\u0119 koordinuojan\u010di\u0173 organizacij\u0173 tinkl\u0105<\/a>, kurio tikslas&nbsp;\u2013 pl\u0117toti savanoryst\u0117s kult\u016br\u0105 Lietuvoje.<\/p>\n<\/div>\n\n\n\n<div class=\"wp-block-blockspare-shape-divider alignfull blockspare-fc6102b7-10a2-4 blockspare-block-animation bs-hover-style-8\" blockspare-animation=\"AFTclipHorizontal\"><style>.blockspare-fc6102b7-10a2-4 .blockspare-svg-wrapper{color:#febc62;height:72px;padding-top:0px;padding-right:0px;padding-bottom:0px;padding-left:0px;margin-top:30px;margin-right:0px;margin-bottom:30px;margin-left:0px}<\/style><div class=\"blockspare-blocks blockspare-svg-wrapper blockspare-hover-item is-horizontally-flipped has-width-1-1\"><div class=\"blockspare-svg-svg-inner blockspare-separator-wrapper\"><svg class=\"double-wave\" preserveaspectratio=\"none\" aria-hidden=\"true\" xmlns=\"http:\/\/www.w3.org\/2000\/svg\" viewbox=\"0 0 1946 175\"><path class=\"st0\" d=\"M-.5 27.7v146.8h1946V10.7s-170.6 20.4-265 57.2c0 0-374.1 116.7-794.2 24.7 0 0-414.1-100.9-673.1-92-.1 0-102.9 5.2-213.7 27.1z\"><\/path><path class=\"st1\" d=\"M1945.5 69.9s-425.5-100-888 20.5c0 0-342.6 63.3-611.4 43.8 0 0-224.9-40.3-446.6-84.4V174h1946V69.9z\"><\/path><path d=\"M-.5 88s425.5-100 888 20.5c0 0 342.6 63.3 611.4 43.8 0 0 224.9-20.2 446.6-64.3v87H-.5V88z\"><\/path><\/svg><\/div><\/div><\/div>\n\n\n\n<div class=\"wp-block-blockspare-shape-divider alignfull blockspare-86ea0357-be07-4 blockspare-block-animation bs-hover-style-8\" blockspare-animation=\"AFTclipHorizontal\"><style>.blockspare-86ea0357-be07-4 .blockspare-svg-wrapper{color:#febc62;height:72px;padding-top:0px;padding-right:0px;padding-bottom:0px;padding-left:0px;margin-top:-31px;margin-right:0px;margin-bottom:30px;margin-left:0px}<\/style><div class=\"blockspare-blocks blockspare-svg-wrapper blockspare-hover-item is-vertically-flipped is-horizontally-flipped has-width-1-1\"><div class=\"blockspare-svg-svg-inner blockspare-separator-wrapper\"><svg class=\"sloped\" preserveaspectratio=\"none\" aria-hidden=\"true\" xmlns=\"http:\/\/www.w3.org\/2000\/svg\" viewbox=\"0 0 100 100\"><path d=\"M0 100C20 0 50 0 100 100z\"><\/path><\/svg><\/div><\/div><\/div>","protected":false},"excerpt":{"rendered":"<p>2026-2029 m. naryst\u0117 Karo prievolinink\u0173 pra\u0161ym\u0173 atlikti alternatyvi\u0105j\u0105 kra\u0161to apsaugos tarnyb\u0105 nagrin\u0117jimo komisijoje. 2026-2027 m. naryst\u0117 Vilniaus r. savivaldyb\u0117s NVO taryboje. Nuo 2025.06.18 naryst\u0117 Lietuvos atvir\u0173j\u0173 jaunimo centr\u0173 asociacijoje. 2023-2028 m. naryst\u0117 Vilniaus r. savivaldyb\u0117s smurto artimoje aplinkoje prevencijos komisijoje. Nuo 2023 m. naryst\u0117 asociacijoje Krik\u0161\u010dioni\u0161k\u0173 socialini\u0173 iniciatyv\u0173 Forumas. Tai organizacij\u0173 tinklas, jautriai ir dr\u0105siai kuriantis kokybi\u0161kos socialin\u0117s pagalbos kult\u016br\u0105, kurioje asmuo yra vertingas. 2022 m. naryst\u0117 Vilniaus m. sav. 2023-2025 m. jaunimo politikos strategijos rengimo darbo grup\u0117je. Vaidmuo \u2013 savanoryst\u0117s srities kryp\u010di\u0173 formavimas \u012fgyvendinant savivaldyb\u0117s jaunimo politik\u0105. 2022 m. V\u0161\u012e \u201eNe imti, bet duoti\u201c drauge su kitomis organizacijomis \u012fsteig\u0117 savanoryst\u0119 koordinuojan\u010di\u0173 organizacij\u0173 tinkl\u0105, kurio tikslas&nbsp;\u2013 pl\u0117toti savanoryst\u0117s kult\u016br\u0105 Lietuvoje.<\/p>","protected":false},"author":1,"featured_media":0,"parent":0,"menu_order":0,"comment_status":"closed","ping_status":"closed","template":"","meta":{"_uag_custom_page_level_css":"","ngg_post_thumbnail":0,"footnotes":""},"class_list":["post-7211","page","type-page","status-publish","hentry"],"uagb_featured_image_src":{"full":false,"thumbnail":false,"medium":false,"medium_large":false,"large":false,"1536x1536":false,"2048x2048":false,"trp-custom-language-flag":false,"chromenews-featured":false,"chromenews-large":false,"chromenews-medium":false},"uagb_author_info":{"display_name":"E. Lukas","author_link":"https:\/\/nibd.lt\/en\/author\/neimtigmail-com\/"},"uagb_comment_info":0,"uagb_excerpt":"2026-2029 m. naryst\u0117 Karo prievolinink\u0173 pra\u0161ym\u0173 atlikti alternatyvi\u0105j\u0105 kra\u0161to apsaugos tarnyb\u0105 nagrin\u0117jimo komisijoje. 2026-2027 m. naryst\u0117 Vilniaus r. savivaldyb\u0117s NVO taryboje. Nuo 2025.06.18 naryst\u0117 Lietuvos atvir\u0173j\u0173 jaunimo centr\u0173 asociacijoje. 2023-2028 m. naryst\u0117 Vilniaus r. savivaldyb\u0117s smurto artimoje aplinkoje prevencijos komisijoje. Nuo 2023 m. naryst\u0117 asociacijoje Krik\u0161\u010dioni\u0161k\u0173 socialini\u0173 iniciatyv\u0173 Forumas. Tai organizacij\u0173 tinklas, jautriai ir dr\u0105siai&hellip;","_links":{"self":[{"href":"https:\/\/nibd.lt\/en\/wp-json\/wp\/v2\/pages\/7211","targetHints":{"allow":["GET"]}}],"collection":[{"href":"https:\/\/nibd.lt\/en\/wp-json\/wp\/v2\/pages"}],"about":[{"href":"https:\/\/nibd.lt\/en\/wp-json\/wp\/v2\/types\/page"}],"author":[{"embeddable":true,"href":"https:\/\/nibd.lt\/en\/wp-json\/wp\/v2\/users\/1"}],"replies":[{"embeddable":true,"href":"https:\/\/nibd.lt\/en\/wp-json\/wp\/v2\/comments?post=7211"}],"version-history":[{"count":16,"href":"https:\/\/nibd.lt\/en\/wp-json\/wp\/v2\/pages\/7211\/revisions"}],"predecessor-version":[{"id":12172,"href":"https:\/\/nibd.lt\/en\/wp-json\/wp\/v2\/pages\/7211\/revisions\/12172"}],"wp:attachment":[{"href":"https:\/\/nibd.lt\/en\/wp-json\/wp\/v2\/media?parent=7211"}],"curies":[{"name":"wp","href":"https:\/\/api.w.org\/{rel}","templated":true}]}}